{"id":261299,"date":"2025-11-24T11:50:12","date_gmt":"2025-11-24T10:50:12","guid":{"rendered":"https:\/\/ideenwald-oekosystem.de\/?page_id=261299"},"modified":"2026-04-01T18:48:46","modified_gmt":"2026-04-01T16:48:46","slug":"better-world-community1","status":"publish","type":"page","link":"https:\/\/ideenwald-oekosystem.de\/en\/better-world-community1\/","title":{"rendered":"Better World Community reload"},"content":{"rendered":"\n[et_pb_section fb_built=&#8220;1&#8243; fullwidth=&#8220;on&#8220; admin_label=&#8220;Header&#8220; _builder_version=&#8220;4.19.1&#8243; background_color_gradient_direction=&#8220;201deg&#8220; background_enable_image=&#8220;off&#8220; custom_padding=&#8220;|||&#8220; bottom_divider_style=&#8220;curve&#8220; bottom_divider_color=&#8220;#84c177&#8243; bottom_divider_height=&#8220;53px&#8220; animation_style=&#8220;slide&#8220; animation_direction=&#8220;top&#8220; animation_intensity_slide=&#8220;2%&#8220; background_last_edited=&#8220;on|phone&#8220; parallax_phone=&#8220;off&#8220; background_size_phone=&#8220;contain&#8220; global_colors_info=&#8220;{}&#8220;][et_pb_fullwidth_header text_orientation=&#8220;center&#8220; background_overlay_color=&#8220;rgba(0,0,0,0)&#8220; logo_image_url=&#8220;https:\/\/ideenwald-oekosystem.de\/wp-content\/uploads\/2022\/11\/betterworld-titel.png&#8220; content_max_width=&#8220;700px&#8220; content_max_width_tablet=&#8220;100%&#8220; content_max_width_phone=&#8220;&#8220; content_max_width_last_edited=&#8220;on|desktop&#8220; _builder_version=&#8220;4.19.1&#8243; title_font=&#8220;|800||||on|||&#8220; title_text_align=&#8220;center&#8220; title_text_color=&#8220;#000000&#8243; title_font_size=&#8220;60px&#8220; title_line_height=&#8220;1.4em&#8220; content_font=&#8220;||||||||&#8220; content_text_color=&#8220;#000000&#8243; content_font_size=&#8220;17px&#8220; content_line_height=&#8220;1.9em&#8220; subhead_font=&#8220;|800|||||||&#8220; subhead_text_align=&#8220;center&#8220; subhead_text_color=&#8220;#000000&#8243; subhead_font_size=&#8220;20px&#8220; subhead_line_height=&#8220;1.8em&#8220; content_link_font=&#8220;|600|||on||||&#8220; content_link_text_color=&#8220;#000000&#8243; background_enable_color=&#8220;off&#8220; background_image=&#8220;https:\/\/ideenwald-oekosystem.de\/wp-content\/uploads\/2022\/04\/cd-ideenwald-neuefiguren-2022-composings-website-comp4-1908-360px.png&#8220; background_size=&#8220;contain&#8220; custom_button_one=&#8220;on&#8220; button_one_text_size=&#8220;14px&#8220; button_one_text_color=&#8220;#ffffff&#8220; button_one_bg_color=&#8220;#368cc1&#8243; button_one_bg_color_gradient_direction=&#8220;90deg&#8220; button_one_bg_color_gradient_stops=&#8220;#d883f8 0%|#352DBE 100%&#8220; button_one_bg_color_gradient_start=&#8220;#d883f8&#8243; button_one_bg_color_gradient_end=&#8220;#352DBE&#8220; button_one_border_width=&#8220;10px&#8220; button_one_border_color=&#8220;rgba(0,0,0,0)&#8220; button_one_border_radius=&#8220;100px&#8220; button_one_letter_spacing=&#8220;3px&#8220; button_one_font=&#8220;|700||on|||||&#8220; custom_button_two=&#8220;on&#8220; button_two_text_size=&#8220;14px&#8220; button_two_text_color=&#8220;#ffffff&#8220; button_two_bg_color=&#8220;#06c8ff&#8220; button_two_border_width=&#8220;10px&#8220; button_two_border_color=&#8220;rgba(0,0,0,0)&#8220; button_two_border_radius=&#8220;100px&#8220; button_two_letter_spacing=&#8220;3px&#8220; button_two_font=&#8220;Roboto|700||on|||||&#8220; background_layout=&#8220;light&#8220; width=&#8220;100%&#8220; custom_margin=&#8220;||||false&#8220; custom_padding=&#8220;4vw|0px|4vw|0px|true|true&#8220; custom_padding_tablet=&#8220;250px||250px||true&#8220; custom_padding_last_edited=&#8220;off|desktop&#8220; title_font_size_tablet=&#8220;40px&#8220; title_font_size_phone=&#8220;32px&#8220; title_font_size_last_edited=&#8220;on|desktop&#8220; background_color_phone=&#8220;rgba(255,255,255,0.3)&#8220; background_last_edited=&#8220;off|desktop&#8220; background_enable_color_phone=&#8220;on&#8220; title_text_shadow_style=&#8220;preset4&#8243; title_text_shadow_color=&#8220;#ffffff&#8220; content_text_shadow_style=&#8220;preset3&#8243; subhead_text_shadow_style=&#8220;preset4&#8243; subhead_text_shadow_vertical_length=&#8220;0.15em&#8220; subhead_text_shadow_color=&#8220;#ffffff&#8220; text_shadow_style=&#8220;preset3&#8243; text_shadow_color=&#8220;#ffffff&#8220; button_one_text_color_hover=&#8220;#ffffff&#8220; button_two_text_color_hover=&#8220;#ffffff&#8220; button_one_letter_spacing_hover=&#8220;3px&#8220; button_two_letter_spacing_hover=&#8220;3px&#8220; global_colors_info=&#8220;{}&#8220; button_one_text_size__hover_enabled=&#8220;off&#8220; button_two_text_size__hover_enabled=&#8220;off&#8220; button_one_text_color__hover_enabled=&#8220;on&#8220; button_one_text_color__hover=&#8220;#ffffff&#8220; button_two_text_color__hover_enabled=&#8220;on&#8220; button_two_text_color__hover=&#8220;#ffffff&#8220; button_one_border_width__hover_enabled=&#8220;off&#8220; button_two_border_width__hover_enabled=&#8220;off&#8220; button_one_border_color__hover_enabled=&#8220;off&#8220; button_two_border_color__hover_enabled=&#8220;off&#8220; button_one_border_radius__hover_enabled=&#8220;off&#8220; button_two_border_radius__hover_enabled=&#8220;off&#8220; button_one_letter_spacing__hover_enabled=&#8220;on&#8220; button_one_letter_spacing__hover=&#8220;3px&#8220; button_two_letter_spacing__hover_enabled=&#8220;on&#8220; button_two_letter_spacing__hover=&#8220;3px&#8220; button_one_bg_color__hover_enabled=&#8220;off&#8220; button_two_bg_color__hover_enabled=&#8220;off&#8220;][\/et_pb_fullwidth_header][\/et_pb_section][et_pb_section fb_built=&#8220;1&#8243; admin_label=&#8220;About&#8220; _builder_version=&#8220;4.16&#8243; background_enable_color=&#8220;off&#8220; background_enable_image=&#8220;off&#8220; parallax=&#8220;on&#8220; parallax_method=&#8220;off&#8220; custom_padding=&#8220;0px||0px||false|false&#8220; global_colors_info=&#8220;{}&#8220;][et_pb_row column_structure=&#8220;1_6,1_6,1_6,1_6,1_6,1_6&#8243; custom_padding_last_edited=&#8220;on|phone&#8220; _builder_version=&#8220;4.27.4&#8243; background_color=&#8220;#ffffff&#8220; background_enable_image=&#8220;off&#8220; width=&#8220;72%&#8220; width_tablet=&#8220;&#8220; width_phone=&#8220;100%&#8220; width_last_edited=&#8220;on|phone&#8220; max_width=&#8220;1636px&#8220; custom_margin=&#8220;25px|auto|25px|auto|true|false&#8220; custom_margin_tablet=&#8220;&#8220; custom_margin_phone=&#8220;0px||0px||true|false&#8220; custom_margin_last_edited=&#8220;on|phone&#8220; custom_padding=&#8220;8px|50px|8px|50px|true|false&#8220; custom_padding_tablet=&#8220;&#8220; custom_padding_phone=&#8220;10px|0px|10px|0px|true|true&#8220; border_width_all=&#8220;1px&#8220; box_shadow_style=&#8220;preset3&#8243; box_shadow_blur=&#8220;15px&#8220; box_shadow_spread=&#8220;-12px&#8220; box_shadow_color=&#8220;#84c177&#8243; global_colors_info=&#8220;{}&#8220;][et_pb_column type=&#8220;1_6&#8243; _builder_version=&#8220;4.27.4&#8243; custom_padding=&#8220;|||&#8220; global_colors_info=&#8220;{}&#8220; custom_padding__hover=&#8220;|||&#8220;][et_pb_button button_url=&#8220;#Whoarewe&#8220; button_text=&#8220;Wer wir sind&#8220; button_alignment=&#8220;left&#8220; _builder_version=&#8220;4.16&#8243; _module_preset=&#8220;default&#8220; custom_button=&#8220;on&#8220; button_text_size=&#8220;14px&#8220; button_text_color=&#8220;#000000&#8243; button_border_width=&#8220;0px&#8220; button_font=&#8220;|700|||||||&#8220; button_icon_color=&#8220;#000000&#8243; global_colors_info=&#8220;{}&#8220;][\/et_pb_button][\/et_pb_column][et_pb_column type=&#8220;1_6&#8243; _builder_version=&#8220;4.27.4&#8243; custom_padding=&#8220;|||&#8220; global_colors_info=&#8220;{}&#8220; custom_padding__hover=&#8220;|||&#8220;][et_pb_button button_url=&#8220;#Event&#8220; button_text=&#8220;Aktuelle Events&#8220; button_alignment=&#8220;left&#8220; _builder_version=&#8220;4.27.4&#8243; _module_preset=&#8220;default&#8220; custom_button=&#8220;on&#8220; button_text_size=&#8220;14px&#8220; button_text_color=&#8220;#000000&#8243; button_border_width=&#8220;0px&#8220; button_font=&#8220;|700|||||||&#8220; button_icon_color=&#8220;#000000&#8243; global_colors_info=&#8220;{}&#8220;][\/et_pb_button][\/et_pb_column][et_pb_column type=&#8220;1_6&#8243; _builder_version=&#8220;4.16&#8243; _module_preset=&#8220;default&#8220; global_colors_info=&#8220;{}&#8220;][et_pb_button button_url=&#8220;#Socent&#8220; button_text=&#8220;Was ist Social Entrepreneurship?&#8220; button_alignment=&#8220;left&#8220; _builder_version=&#8220;4.27.4&#8243; _module_preset=&#8220;default&#8220; custom_button=&#8220;on&#8220; button_text_size=&#8220;14px&#8220; button_text_color=&#8220;#000000&#8243; button_border_width=&#8220;0px&#8220; button_font=&#8220;|700|||||||&#8220; button_icon_color=&#8220;#000000&#8243; global_colors_info=&#8220;{}&#8220;][\/et_pb_button][\/et_pb_column][et_pb_column type=&#8220;1_6&#8243; _builder_version=&#8220;4.16&#8243; custom_padding=&#8220;|||&#8220; global_colors_info=&#8220;{}&#8220; custom_padding__hover=&#8220;|||&#8220;][et_pb_button button_url=&#8220;#SEND&#8220; button_text=&#8220;Ansprechpersonen&#8220; button_alignment=&#8220;left&#8220; _builder_version=&#8220;4.27.4&#8243; _module_preset=&#8220;default&#8220; custom_button=&#8220;on&#8220; button_text_size=&#8220;14px&#8220; button_text_color=&#8220;#000000&#8243; button_border_width=&#8220;0px&#8220; button_font=&#8220;|700|||||||&#8220; button_icon_color=&#8220;#000000&#8243; global_colors_info=&#8220;{}&#8220;][\/et_pb_button][\/et_pb_column][et_pb_column type=&#8220;1_6&#8243; _builder_version=&#8220;4.16&#8243; custom_padding=&#8220;|||&#8220; global_colors_info=&#8220;{}&#8220; custom_padding__hover=&#8220;|||&#8220;][et_pb_button button_url=&#8220;#Partner&#8220; button_text=&#8220;Unsere Partner&#8220; button_alignment=&#8220;left&#8220; _builder_version=&#8220;4.27.4&#8243; _module_preset=&#8220;default&#8220; custom_button=&#8220;on&#8220; button_text_size=&#8220;14px&#8220; button_text_color=&#8220;#000000&#8243; button_border_width=&#8220;0px&#8220; button_font=&#8220;|700|||||||&#8220; button_icon_color=&#8220;#000000&#8243; global_colors_info=&#8220;{}&#8220;][\/et_pb_button][\/et_pb_column][et_pb_column type=&#8220;1_6&#8243; _builder_version=&#8220;4.27.4&#8243; custom_padding=&#8220;|||&#8220; global_colors_info=&#8220;{}&#8220; custom_padding__hover=&#8220;|||&#8220;][et_pb_button button_url=&#8220;#Community&#8220; button_text=&#8220;Community&#8220; button_alignment=&#8220;left&#8220; _builder_version=&#8220;4.27.4&#8243; _module_preset=&#8220;default&#8220; custom_button=&#8220;on&#8220; button_text_size=&#8220;14px&#8220; button_text_color=&#8220;#000000&#8243; button_border_width=&#8220;0px&#8220; button_font=&#8220;|700|||||||&#8220; button_icon_color=&#8220;#000000&#8243; global_colors_info=&#8220;{}&#8220;][\/et_pb_button][\/et_pb_column][\/et_pb_row][et_pb_row custom_padding_last_edited=&#8220;on|phone&#8220; _builder_version=&#8220;4.27.4&#8243; background_color=&#8220;#ffffff&#8220; background_enable_image=&#8220;off&#8220; width_tablet=&#8220;&#8220; width_phone=&#8220;100%&#8220; width_last_edited=&#8220;on|phone&#8220; custom_margin=&#8220;5px|auto|5px|auto|true|&#8220; custom_padding=&#8220;0px|50px|0px|50px|true|false&#8220; custom_padding_tablet=&#8220;&#8220; custom_padding_phone=&#8220;20px|0px|20px|0px|true|true&#8220; global_colors_info=&#8220;{}&#8220;][et_pb_column type=&#8220;4_4&#8243; _builder_version=&#8220;4.16&#8243; custom_padding=&#8220;|||&#8220; global_colors_info=&#8220;{}&#8220; custom_padding__hover=&#8220;|||&#8220;][et_pb_divider color=&#8220;#7dd855&#8243; _builder_version=&#8220;4.16&#8243; _module_preset=&#8220;default&#8220; global_colors_info=&#8220;{}&#8220;][\/et_pb_divider][et_pb_blurb title=&#8220;Wer wir sind&#8220; icon_placement=&#8220;left&#8220; content_max_width=&#8220;1080px&#8220; module_id=&#8220;Whoarewe&#8220; _builder_version=&#8220;4.27.4&#8243; _module_preset=&#8220;default&#8220; background_enable_color=&#8220;off&#8220; text_orientation=&#8220;center&#8220; custom_padding=&#8220;||0px|||&#8220; global_colors_info=&#8220;{}&#8220;]<p class=\"isSelectedEnd\" style=\"text-align: center;\"><span>Die<strong> Better World Community<\/strong> ist ein lebendiges Netzwerk in Rheinland-Pfalz und dem Saarland, das Menschen zusammenbringt, die Wirtschaft neu denken wollen. Wir informieren \u00fcber die Chancen des gemeinwohlorientierten Unternehmertums (<strong>Social Entrepreneurship<\/strong>), vernetzen engagierte Akteur*innen und st\u00e4rken die bundesweite Sichtbarkeit des regionalen \u00d6kosystems.<\/span><\/p>\n<p class=\"isSelectedEnd\" style=\"text-align: center;\"><span>Social Entrepreneurship zeigt, wie <strong>unternehmerisches Handeln und sozial-\u00f6kologische Innovationen<\/strong> wirkungsvoll miteinander verbunden werden k\u00f6nnen \u2013 f\u00fcr eine nachhaltige und &#8222;enkeltaugliche&#8220; Zukunft. Genau deshalb setzen wir uns daf\u00fcr ein, dieses wichtige Themenfeld bekannter zu machen und weiter voranzubringen.<\/span><\/p>\n<p style=\"text-align: center;\"><span>Zur Better World Community geh\u00f6ren unter anderem die Gr\u00fcndungsb\u00fcros der Universit\u00e4ten &amp; Hochschulen, Social Entrepreneurs, \u00f6ffentliche Netzwerke sowie die Regionalgruppen des <strong><a href=\"https:\/\/www.send-ev.de\/\" target=\"_blank\" rel=\"noopener\">SEND e.V. (Social Entrepreneurship Netzwerk Deutschland e.V.)<\/a><\/strong> aus dem Saarland und Rheinland-Pfalz.<\/span><\/p>[\/et_pb_blurb][et_pb_divider color=&#8220;#7dd855&#8243; _builder_version=&#8220;4.16&#8243; _module_preset=&#8220;default&#8220; global_colors_info=&#8220;{}&#8220;][\/et_pb_divider][\/et_pb_column][\/et_pb_row][et_pb_row custom_padding_last_edited=&#8220;on|phone&#8220; _builder_version=&#8220;4.16&#8243; background_color=&#8220;#ffffff&#8220; background_enable_image=&#8220;off&#8220; width_tablet=&#8220;&#8220; width_phone=&#8220;100%&#8220; width_last_edited=&#8220;on|phone&#8220; custom_margin=&#8220;1px|auto|1px|auto|true|&#8220; custom_margin_tablet=&#8220;&#8220; custom_margin_phone=&#8220;0px||0px||true|false&#8220; custom_margin_last_edited=&#8220;on|phone&#8220; custom_padding=&#8220;8px|50px|8px|50px|true|false&#8220; custom_padding_tablet=&#8220;&#8220; custom_padding_phone=&#8220;10px|0px|10px|0px|true|true&#8220; global_colors_info=&#8220;{}&#8220;][et_pb_column type=&#8220;4_4&#8243; _builder_version=&#8220;4.16&#8243; custom_padding=&#8220;|||&#8220; global_colors_info=&#8220;{}&#8220; custom_padding__hover=&#8220;|||&#8220;][et_pb_blurb alt=&#8220;Better World&#8220; image_icon_width=&#8220;54%&#8220; content_max_width=&#8220;1080px&#8220; module_id=&#8220;Whatis&#8220; _builder_version=&#8220;4.27.4&#8243; _module_preset=&#8220;default&#8220; header_text_align=&#8220;center&#8220; background_enable_color=&#8220;off&#8220; image_max_width=&#8220;54%&#8220; global_colors_info=&#8220;{}&#8220;]<h4 style=\"text-align: center;\"><em><strong>Hier findest du Informationen zu unseren Meetings und mehr:<\/strong><\/em><\/h4>[\/et_pb_blurb][\/et_pb_column][\/et_pb_row][et_pb_row _builder_version=&#8220;4.27.4&#8243; _module_preset=&#8220;default&#8220; global_colors_info=&#8220;{}&#8220;][et_pb_column type=&#8220;4_4&#8243; module_id=&#8220;Event&#8220; _builder_version=&#8220;4.27.4&#8243; _module_preset=&#8220;default&#8220; global_colors_info=&#8220;{}&#8220;][et_pb_image src=&#8220;https:\/\/ideenwald-oekosystem.de\/wp-content\/uploads\/2025\/12\/indesign-better-world-q4-uberarbeitet-3.jpg&#8220; alt=&#8220;Rahmen und Referenten der Veranstaltung Better World Meeting&#8220; title_text=&#8220;Indesign Better World Q4 \u00fcberarbeitet 3&#8243; url=&#8220;https:\/\/gruendungsbuero.info\/events\/meeting-for-a-better-world-shit-happens-edition\/&#8220; url_new_window=&#8220;on&#8220; align=&#8220;center&#8220; _builder_version=&#8220;4.27.4&#8243; _module_preset=&#8220;default&#8220; width=&#8220;50%&#8220; max_width=&#8220;60%&#8220; max_width_tablet=&#8220;100%&#8220; max_width_phone=&#8220;100%&#8220; max_width_last_edited=&#8220;on|phone&#8220; custom_padding=&#8220;0px|0px|0px|0px|true|false&#8220; global_colors_info=&#8220;{}&#8220;][\/et_pb_image][et_pb_divider color=&#8220;#7dd855&#8243; _builder_version=&#8220;4.16&#8243; _module_preset=&#8220;default&#8220; global_colors_info=&#8220;{}&#8220;][\/et_pb_divider][\/et_pb_column][\/et_pb_row][et_pb_row custom_padding_last_edited=&#8220;on|phone&#8220; module_id=&#8220;Socent&#8220; _builder_version=&#8220;4.27.4&#8243; background_color=&#8220;#ffffff&#8220; background_enable_image=&#8220;off&#8220; width_tablet=&#8220;&#8220; width_phone=&#8220;100%&#8220; width_last_edited=&#8220;on|phone&#8220; custom_margin=&#8220;1px|auto|1px|auto|true|&#8220; custom_margin_tablet=&#8220;&#8220; custom_margin_phone=&#8220;0px||0px||true|false&#8220; custom_margin_last_edited=&#8220;on|phone&#8220; custom_padding=&#8220;8px|50px|8px|50px|true|false&#8220; custom_padding_tablet=&#8220;&#8220; custom_padding_phone=&#8220;10px|0px|10px|0px|true|true&#8220; global_colors_info=&#8220;{}&#8220;][et_pb_column type=&#8220;4_4&#8243; _builder_version=&#8220;4.16&#8243; custom_padding=&#8220;|||&#8220; global_colors_info=&#8220;{}&#8220; custom_padding__hover=&#8220;|||&#8220;][et_pb_blurb title=&#8220;Was ist Social Entrepreneurship eigentlich?&#8220; alt=&#8220;Better World&#8220; image_icon_width=&#8220;54%&#8220; content_max_width=&#8220;1080px&#8220; module_id=&#8220;Whatis&#8220; _builder_version=&#8220;4.27.4&#8243; _module_preset=&#8220;default&#8220; header_text_align=&#8220;center&#8220; background_enable_color=&#8220;off&#8220; image_max_width=&#8220;54%&#8220; global_colors_info=&#8220;{}&#8220;]<p style=\"text-align: center;\"><span data-contrast=\"auto\">Sozialunternehmer*<\/span><span data-contrast=\"auto\">innen \u2013 oder <strong>Social Entrepreneurs<\/strong> \u2013 sind<\/span><span data-contrast=\"auto\">\u00a0Menschen, die ihre Kreativit\u00e4t, ihre Risikobereitschaft und ihren unternehmerischen Geist einsetzen, um innovative Ans\u00e4tze zur <strong>\u00dcberwindung gesellschaftlicher Probleme<\/strong> zu entwickeln und zu verbreiten.\u00a0<\/span><\/p>\n<p style=\"text-align: center;\"><span data-contrast=\"auto\">Ob\u00a0<\/span><span data-contrast=\"none\">Klimakrise, demografischer Wandel, globale Migration, eine zunehmende Verm\u00f6gens- und Chancenungleichheit, gesellschaftliche Spaltung<\/span><span data-contrast=\"auto\">: Der Anspruch von\u00a0<\/span><span data-contrast=\"auto\">gemeinwohlorientierten Unternehmen ist es,<\/span><span>\u00a0<\/span><span data-contrast=\"auto\">f\u00fcr das <strong>Gemeinwohl<\/strong> neue Wege aufzuzeigen und dabei nicht nur Symptome zu lindern, sondern die Ursachen von gesellschaftlichen Problemen zu beheben.\u00a0<\/span><span data-contrast=\"auto\">Dabei<\/span><span data-contrast=\"auto\">\u00a0steht der<\/span><span data-contrast=\"auto\"> gesellschaftliche <\/span><span data-contrast=\"auto\">beziehungsweise \u00f6kologische Mehrwert<\/span><span data-contrast=\"auto\">\u00a0immer im<\/span><span data-contrast=\"auto\">\u00a0Vordergrund, Gewinne werden als Mittel zum Zweck gesehen.<\/span><\/p>\n<p style=\"text-align: center;\">In Deutschland gibt es noch keine allgemein anerkannte Definition des Begriffs Social Entrepreneurship. Deshalb st\u00fctzen wir uns auf die <strong>Definition<\/strong> des Social Entrepreneurship Netzwerk Deutschland:<\/p>\n<p style=\"text-align: center;\"><em>&#8222;Das prim\u00e4re Ziel von Social Entrepreneurship ist die L\u00f6sung gesellschaftlicher Herausforderungen. Dies wird durch kontinuierliche Nutzung unternehmerischer Mittel erreicht und resultiert in neuen und innovativen L\u00f6sungen. Durch steuernde und kontrollierende Mechanismen wird sichergestellt, dass die gesellschaftlichen Ziele intern und extern gelebt werden.&#8220;<\/em>\u00a0(Definition, SEND,\u00a02019)<\/p>\n<p style=\"text-align: center;\">Eine detaillierte Definition findet ihr auf der Seite vom SEND e.V. <a href=\"https:\/\/www.send-ev.de\/social-entrepreneurship\/definition-kriterien\/\" target=\"_blank\" rel=\"noopener\">HIER<\/a><\/p>[\/et_pb_blurb][\/et_pb_column][\/et_pb_row][et_pb_row _builder_version=&#8220;4.16&#8243; _module_preset=&#8220;default&#8220; custom_padding=&#8220;||8px|||&#8220; global_colors_info=&#8220;{}&#8220;][et_pb_column type=&#8220;4_4&#8243; _builder_version=&#8220;4.16&#8243; _module_preset=&#8220;default&#8220; global_colors_info=&#8220;{}&#8220;][et_pb_divider color=&#8220;#7dd855&#8243; _builder_version=&#8220;4.16&#8243; _module_preset=&#8220;default&#8220; global_colors_info=&#8220;{}&#8220;][\/et_pb_divider][\/et_pb_column][\/et_pb_row][et_pb_row _builder_version=&#8220;4.27.4&#8243; _module_preset=&#8220;default&#8220; custom_margin=&#8220;38px|auto||auto||&#8220; custom_padding=&#8220;12px||7px|||&#8220; global_colors_info=&#8220;{}&#8220;][et_pb_column type=&#8220;4_4&#8243; _builder_version=&#8220;4.27.4&#8243; _module_preset=&#8220;default&#8220; global_colors_info=&#8220;{}&#8220;][et_pb_blurb _builder_version=&#8220;4.27.4&#8243; _module_preset=&#8220;default&#8220; global_colors_info=&#8220;{}&#8220;]<h4 style=\"text-align: center;\">Diese Social Businesses aus Deutschland kennst du bestimmt:<\/h4>[\/et_pb_blurb][\/et_pb_column][\/et_pb_row][et_pb_row column_structure=&#8220;1_4,1_4,1_4,1_4&#8243; _builder_version=&#8220;4.27.4&#8243; _module_preset=&#8220;default&#8220; global_module=&#8220;261351&#8243; global_colors_info=&#8220;{}&#8220;][et_pb_column type=&#8220;1_4&#8243; _builder_version=&#8220;4.27.4&#8243; _module_preset=&#8220;default&#8220; global_colors_info=&#8220;{}&#8220;][et_pb_image src=&#8220;https:\/\/ideenwald-oekosystem.de\/wp-content\/uploads\/2025\/04\/ecosia.png&#8220; title_text=&#8220;ecosia&#8220; url=&#8220;https:\/\/www.ecosia.org\/?c=de&#8220; url_new_window=&#8220;on&#8220; _builder_version=&#8220;4.27.4&#8243; _module_preset=&#8220;default&#8220; global_colors_info=&#8220;{}&#8220;][\/et_pb_image][\/et_pb_column][et_pb_column type=&#8220;1_4&#8243; _builder_version=&#8220;4.27.4&#8243; _module_preset=&#8220;default&#8220; global_colors_info=&#8220;{}&#8220;][et_pb_image src=&#8220;https:\/\/ideenwald-oekosystem.de\/wp-content\/uploads\/2025\/04\/vivaconagua.png&#8220; title_text=&#8220;vivaconagua&#8220; url=&#8220;https:\/\/www.vivaconagua.org\/&#8220; url_new_window=&#8220;on&#8220; _builder_version=&#8220;4.27.4&#8243; _module_preset=&#8220;default&#8220; global_colors_info=&#8220;{}&#8220;][\/et_pb_image][\/et_pb_column][et_pb_column type=&#8220;1_4&#8243; _builder_version=&#8220;4.27.4&#8243; _module_preset=&#8220;default&#8220; global_colors_info=&#8220;{}&#8220;][et_pb_image src=&#8220;https:\/\/ideenwald-oekosystem.de\/wp-content\/uploads\/2025\/04\/sirplus.jpg&#8220; title_text=&#8220;sirplus&#8220; url=&#8220;https:\/\/sirplus.de\/?srsltid=AfmBOoqhPrg2uqA2KVoXVpUXM7mk44WjXDNhx2ZAu59TUJM4N6coOb9_&#8220; url_new_window=&#8220;on&#8220; _builder_version=&#8220;4.27.4&#8243; _module_preset=&#8220;default&#8220; global_colors_info=&#8220;{}&#8220;][\/et_pb_image][\/et_pb_column][et_pb_column type=&#8220;1_4&#8243; _builder_version=&#8220;4.27.4&#8243; _module_preset=&#8220;default&#8220; global_colors_info=&#8220;{}&#8220;][et_pb_image src=&#8220;https:\/\/ideenwald-oekosystem.de\/wp-content\/uploads\/2025\/04\/startnext.png&#8220; title_text=&#8220;startnext&#8220; url=&#8220;https:\/\/www.startnext.com\/&#8220; url_new_window=&#8220;on&#8220; _builder_version=&#8220;4.27.4&#8243; _module_preset=&#8220;default&#8220; global_colors_info=&#8220;{}&#8220;][\/et_pb_image][\/et_pb_column][\/et_pb_row][et_pb_row _builder_version=&#8220;4.16&#8243; _module_preset=&#8220;default&#8220; custom_padding=&#8220;||8px|||&#8220; global_colors_info=&#8220;{}&#8220;][et_pb_column type=&#8220;4_4&#8243; _builder_version=&#8220;4.16&#8243; _module_preset=&#8220;default&#8220; global_colors_info=&#8220;{}&#8220;][et_pb_divider color=&#8220;#7dd855&#8243; _builder_version=&#8220;4.16&#8243; _module_preset=&#8220;default&#8220; global_colors_info=&#8220;{}&#8220;][\/et_pb_divider][\/et_pb_column][\/et_pb_row][et_pb_row module_id=&#8220;SEND&#8220; _builder_version=&#8220;4.27.4&#8243; _module_preset=&#8220;default&#8220; global_colors_info=&#8220;{}&#8220;][et_pb_column type=&#8220;4_4&#8243; _builder_version=&#8220;4.16&#8243; _module_preset=&#8220;default&#8220; global_colors_info=&#8220;{}&#8220;][et_pb_blurb title=&#8220;Ihr habt eine Idee oder m\u00f6chtet euch weiter informieren?&#8220; _builder_version=&#8220;4.27.4&#8243; _module_preset=&#8220;default&#8220; text_orientation=&#8220;center&#8220; global_colors_info=&#8220;{}&#8220;][\/et_pb_blurb][\/et_pb_column][\/et_pb_row][et_pb_row column_structure=&#8220;1_2,1_2&#8243; _builder_version=&#8220;4.27.4&#8243; _module_preset=&#8220;default&#8220; global_colors_info=&#8220;{}&#8220;][et_pb_column type=&#8220;1_2&#8243; _builder_version=&#8220;4.27.4&#8243; _module_preset=&#8220;default&#8220; global_colors_info=&#8220;{}&#8220;][et_pb_blurb title=&#8220;SEND e.V. Regionalruppe Rheinland-Pfalz&#8220; url=&#8220;https:\/\/www.send-ev.de\/netzwerk\/regionalgruppen\/rheinland-pfalz\/&#8220; image=&#8220;https:\/\/ideenwald-oekosystem.de\/wp-content\/uploads\/2026\/01\/design-ohne-titel-2.png&#8220; _builder_version=&#8220;4.27.4&#8243; _module_preset=&#8220;default&#8220; global_colors_info=&#8220;{}&#8220;]<p><strong>Pauline Wittkowsky<\/strong> &amp; <strong>Dr. Johanna Stephan<\/strong> freuen sich \u00fcber deine Nachricht, klicke auf das Logo, dann kommst du zur Regionalgruppe.<\/p>\n<p>&nbsp;<\/p>[\/et_pb_blurb][\/et_pb_column][et_pb_column type=&#8220;1_2&#8243; _builder_version=&#8220;4.27.4&#8243; _module_preset=&#8220;default&#8220; global_colors_info=&#8220;{}&#8220;][et_pb_blurb title=&#8220;SEND e.V. Regionalgruppe Saarland &#8220; url=&#8220;https:\/\/www.send-ev.de\/netzwerk\/regionalgruppen\/saarland\/&#8220; image=&#8220;https:\/\/ideenwald-oekosystem.de\/wp-content\/uploads\/2026\/01\/design-ohne-titel-3.png&#8220; _builder_version=&#8220;4.27.4&#8243; _module_preset=&#8220;default&#8220; global_colors_info=&#8220;{}&#8220;]<p><strong>Bernhard Lorig<\/strong> freut sich, mit dir in Kontakt zu kommen, klicke das Logo f\u00fcr mehr Informationen.<\/p>[\/et_pb_blurb][\/et_pb_column][\/et_pb_row][et_pb_row _builder_version=&#8220;4.16&#8243; _module_preset=&#8220;default&#8220; custom_padding=&#8220;||8px|||&#8220; global_colors_info=&#8220;{}&#8220;][et_pb_column type=&#8220;4_4&#8243; _builder_version=&#8220;4.16&#8243; _module_preset=&#8220;default&#8220; global_colors_info=&#8220;{}&#8220;][et_pb_divider color=&#8220;#7dd855&#8243; _builder_version=&#8220;4.16&#8243; _module_preset=&#8220;default&#8220; global_colors_info=&#8220;{}&#8220;][\/et_pb_divider][\/et_pb_column][\/et_pb_row][et_pb_row _builder_version=&#8220;4.16&#8243; _module_preset=&#8220;default&#8220; custom_padding=&#8220;|50px||50px|false|true&#8220; global_colors_info=&#8220;{}&#8220;][et_pb_column type=&#8220;4_4&#8243; _builder_version=&#8220;4.16&#8243; _module_preset=&#8220;default&#8220; global_colors_info=&#8220;{}&#8220;][et_pb_text _builder_version=&#8220;4.27.4&#8243; _module_preset=&#8220;default&#8220; global_colors_info=&#8220;{}&#8220;]<h4 style=\"text-align: center;\">Ihr wollt euch n\u00e4her mit Social Entrepreneurship befassen?<\/h4>\n<p style=\"text-align: center;\">IDEENWALD hat einen Online-Kurs zum Thema Social Entrepreneurship zusammengestellt, der euch dabei hilft, das Thema besser zu verstehen. Ihr findet dort viele Informationen, die wir der Seite des <a href=\"https:\/\/www.send-ev.de\/\" target=\"_blank\" rel=\"noopener\"><strong>Social Entrepreneurship Netzwerk Deutschland (SEND)<\/strong><\/a> entlehnt haben. Die Videos, die ihr dort findet, hat SEND in Zusammenarbeit mit der <strong>Social Entrepreneurship Akademie M\u00fcnchen (SEA)<\/strong> erstellt. Viel Spa\u00df!<\/p>\n<p style=\"text-align: center;\">(Der Kurs wird auf der Lernplattform der RPTU Kaiserslautern &#8211; OpenOlat &#8211; gehostet. Ihr k\u00f6nn dort kostenfrei als Gast teilnehmen).<\/p>[\/et_pb_text][\/et_pb_column][\/et_pb_row][et_pb_row module_id=&#8220;Videokurs&#8220; _builder_version=&#8220;4.16&#8243; _module_preset=&#8220;default&#8220; width=&#8220;40%&#8220; custom_padding=&#8220;|50px||50px|false|true&#8220; global_colors_info=&#8220;{}&#8220;][et_pb_column type=&#8220;4_4&#8243; _builder_version=&#8220;4.16&#8243; _module_preset=&#8220;default&#8220; global_colors_info=&#8220;{}&#8220;][et_pb_button button_url=&#8220;https:\/\/olat.vcrp.de\/url\/RepositoryEntry\/3042869583&#8243; url_new_window=&#8220;on&#8220; button_text=&#8220;Hier geht&#8217;s zum Kurs&#8220; button_alignment=&#8220;center&#8220; _builder_version=&#8220;4.21.0&#8243; _module_preset=&#8220;default&#8220; custom_button=&#8220;on&#8220; button_text_size=&#8220;20px&#8220; button_text_color=&#8220;#000000&#8243; button_bg_color=&#8220;#84c177&#8243; button_border_width=&#8220;0px&#8220; button_border_color=&#8220;#368CC1&#8243; button_border_radius=&#8220;22px&#8220; button_font=&#8220;|700|||||||&#8220; button_icon_color=&#8220;#000000&#8243; global_colors_info=&#8220;{}&#8220;][\/et_pb_button][et_pb_image src=&#8220;https:\/\/ideenwald-oekosystem.de\/wp-content\/uploads\/2021\/11\/unbenannt.png&#8220; alt=&#8220;SWR Beitrag&#8220; title_text=&#8220;Unbenannt&#8220; url=&#8220;https:\/\/www.youtube.com\/watch?v=IEUL7xT70hA&#038;t=8s&#8220; url_new_window=&#8220;on&#8220; use_overlay=&#8220;on&#8220; overlay_icon_color=&#8220;#FFFFFF&#8220; hover_overlay_color=&#8220;rgba(0,0,0,0.5)&#8220; hover_icon=&#8220;&#x49;||divi||400&#8243; align=&#8220;center&#8220; disabled_on=&#8220;on|on|off&#8220; _builder_version=&#8220;4.16&#8243; _module_preset=&#8220;default&#8220; global_colors_info=&#8220;{}&#8220;][\/et_pb_image][et_pb_text disabled_on=&#8220;on|on|off&#8220; _builder_version=&#8220;4.16&#8243; _module_preset=&#8220;default&#8220; text_line_height=&#8220;1em&#8220; global_colors_info=&#8220;{}&#8220;]<p style=\"text-align: center\">Ein kleiner Vorgeschmack<\/p>\n<p style=\"text-align: center\">[\/et_pb_text][\/et_pb_column][\/et_pb_row][et_pb_row _builder_version=&#8220;4.16&#8243; _module_preset=&#8220;default&#8220; custom_padding=&#8220;||8px|||&#8220; global_colors_info=&#8220;{}&#8220;][et_pb_column type=&#8220;4_4&#8243; _builder_version=&#8220;4.16&#8243; _module_preset=&#8220;default&#8220; global_colors_info=&#8220;{}&#8220;][et_pb_divider color=&#8220;#7dd855&#8243; _builder_version=&#8220;4.16&#8243; _module_preset=&#8220;default&#8220; global_colors_info=&#8220;{}&#8220;][\/et_pb_divider][\/et_pb_column][\/et_pb_row][et_pb_row _builder_version=&#8220;4.27.4&#8243; _module_preset=&#8220;default&#8220; min_height=&#8220;81.6px&#8220; custom_padding=&#8220;15px||10px|||&#8220;][et_pb_column _builder_version=&#8220;4.27.4&#8243; _module_preset=&#8220;default&#8220; type=&#8220;4_4&#8243;][et_pb_text module_id=&#8220;podcast&#8220; _builder_version=&#8220;4.27.4&#8243; _module_preset=&#8220;default&#8220; global_colors_info=&#8220;{}&#8220;]<h3><strong>\ud83c\udf99\ufe0f \u201e\u00dcber Stock, Stein und Startups\u201c \u2013 der IDEENWALD-Podcast<\/strong><\/h3>\n<p>In unserem Podcast <strong>\u201e\u00dcber Stock, Stein und Startups\u201c<\/strong> erz\u00e4hlen Gr\u00fcnder:innen ihre Geschichten \u2013 authentisch, mutig und inspirierend.<\/p>\n<p>Auch <strong>Social Startups<\/strong> waren schon zu Gast und berichten, wie sie mit unternehmerischem Denken gesellschaftliche und \u00f6kologische Herausforderungen anpacken.<\/p>[\/et_pb_text][\/et_pb_column][\/et_pb_row][et_pb_row _builder_version=&#8220;4.27.4&#8243; _module_preset=&#8220;default&#8220; column_structure=&#8220;1_3,1_3,1_3&#8243; min_height=&#8220;538.8px&#8220; hover_enabled=&#8220;0&#8243; sticky_enabled=&#8220;0&#8243; custom_padding=&#8220;||0px|||&#8220;][et_pb_column _builder_version=&#8220;4.27.4&#8243; _module_preset=&#8220;default&#8220; type=&#8220;1_3&#8243;][et_pb_code _builder_version=&#8220;4.27.4&#8243; _module_preset=&#8220;default&#8220; hover_enabled=&#8220;0&#8243; sticky_enabled=&#8220;0&#8243;]<iframe loading=\"lazy\" src=\"https:\/\/player.pdcstrcdn.de?p=a07d87a0-3f57-41d5-89e3-c6c55ed8b73b&#038;e=a07d87d8-191c-4376-a71e-8e8672fb69f3&#038;v=1769517969\" width=\"100%\" height=\"450px\" style=\"border:0;overflow:hidden\"><\/iframe>[\/et_pb_code][\/et_pb_column][et_pb_column _builder_version=&#8220;4.27.4&#8243; _module_preset=&#8220;default&#8220; type=&#8220;1_3&#8243;][et_pb_code _builder_version=&#8220;4.27.4&#8243; _module_preset=&#8220;default&#8220; hover_enabled=&#8220;0&#8243; sticky_enabled=&#8220;0&#8243;]<iframe loading=\"lazy\" src=\"https:\/\/player.pdcstrcdn.de?p=a07d87a0-3f57-41d5-89e3-c6c55ed8b73b&#038;e=a07d87cd-11ca-4774-85c8-c66715a313dc&#038;v=1769518250\" width=\"100%\" height=\"450px\" style=\"border:0;overflow:hidden\"><\/iframe>[\/et_pb_code][\/et_pb_column][et_pb_column _builder_version=&#8220;4.27.4&#8243; _module_preset=&#8220;default&#8220; type=&#8220;1_3&#8243;][et_pb_code _builder_version=&#8220;4.27.4&#8243; _module_preset=&#8220;default&#8220; hover_enabled=&#8220;0&#8243; sticky_enabled=&#8220;0&#8243;]<iframe loading=\"lazy\" src=\"https:\/\/player.pdcstrcdn.de?p=a07d87a0-3f57-41d5-89e3-c6c55ed8b73b&#038;e=a07d87c6-42fe-40a3-9709-eaa29233d636&#038;v=1769518330\" width=\"100%\" height=\"450px\" style=\"border:0;overflow:hidden\"><\/iframe>[\/et_pb_code][\/et_pb_column][\/et_pb_row][et_pb_row _builder_version=&#8220;4.27.4&#8243; _module_preset=&#8220;default&#8220; column_structure=&#8220;1_3,1_3,1_3&#8243; min_height=&#8220;552.8px&#8220;][et_pb_column _builder_version=&#8220;4.27.4&#8243; _module_preset=&#8220;default&#8220; type=&#8220;1_3&#8243;][et_pb_code _builder_version=&#8220;4.27.4&#8243; _module_preset=&#8220;default&#8220; hover_enabled=&#8220;0&#8243; sticky_enabled=&#8220;0&#8243;]<iframe loading=\"lazy\" src=\"https:\/\/player.pdcstrcdn.de?p=a07d87a0-3f57-41d5-89e3-c6c55ed8b73b&#038;e=a07d87b4-a5aa-4345-a8a3-a82a6f702600&#038;v=1769518653\" width=\"100%\" height=\"450px\" style=\"border:0;overflow:hidden\"><\/iframe>[\/et_pb_code][\/et_pb_column][et_pb_column _builder_version=&#8220;4.27.4&#8243; _module_preset=&#8220;default&#8220; type=&#8220;1_3&#8243;][et_pb_code _builder_version=&#8220;4.27.4&#8243; _module_preset=&#8220;default&#8220; hover_enabled=&#8220;0&#8243; sticky_enabled=&#8220;0&#8243;]<iframe loading=\"lazy\" src=\"https:\/\/player.pdcstrcdn.de?p=a07d87a0-3f57-41d5-89e3-c6c55ed8b73b&#038;e=a07d87ad-c77d-4d5b-bcdb-524b02cbfce8&#038;v=1769518673\" width=\"100%\" height=\"450px\" style=\"border:0;overflow:hidden\"><\/iframe>[\/et_pb_code][\/et_pb_column][et_pb_column _builder_version=&#8220;4.27.4&#8243; _module_preset=&#8220;default&#8220; type=&#8220;1_3&#8243;][\/et_pb_column][\/et_pb_row][et_pb_row _builder_version=&#8220;4.27.4&#8243; _module_preset=&#8220;default&#8220; min_height=&#8220;35.8px&#8220; custom_padding=&#8220;0px||0px|||&#8220;][et_pb_column _builder_version=&#8220;4.27.4&#8243; _module_preset=&#8220;default&#8220; type=&#8220;4_4&#8243;][et_pb_divider color=&#8220;#7dd855&#8243; _builder_version=&#8220;4.16&#8243; _module_preset=&#8220;default&#8220; custom_margin=&#8220;27px||10px|||&#8220; global_colors_info=&#8220;{}&#8220; min_height=&#8220;18.8px&#8220;][\/et_pb_divider][\/et_pb_column][\/et_pb_row][et_pb_row _builder_version=&#8220;4.27.4&#8243; _module_preset=&#8220;default&#8220; global_colors_info=&#8220;{}&#8220;][et_pb_column type=&#8220;4_4&#8243; _builder_version=&#8220;4.27.4&#8243; _module_preset=&#8220;default&#8220; global_colors_info=&#8220;{}&#8220;][et_pb_text _builder_version=&#8220;4.27.4&#8243; _module_preset=&#8220;default&#8220; global_colors_info=&#8220;{}&#8220;]<h4 style=\"text-align: center;\">Eure Ansprechpersonen an den Hochschulen ind RLP &amp; Saarland<\/h4>[\/et_pb_text][\/et_pb_column][\/et_pb_row][et_pb_row custom_padding_last_edited=&#8220;on|phone&#8220; module_id=&#8220;Partner&#8220; _builder_version=&#8220;4.27.4&#8243; _module_preset=&#8220;default&#8220; background_color=&#8220;#ffffff&#8220; background_enable_image=&#8220;off&#8220; width=&#8220;62.9%&#8220; width_tablet=&#8220;&#8220; width_phone=&#8220;100%&#8220; width_last_edited=&#8220;on|phone&#8220; max_height=&#8220;1000px&#8220; custom_padding=&#8220;0px|0px|0px|0px|false|true&#8220; custom_padding_tablet=&#8220;&#8220; custom_padding_phone=&#8220;|0px||0px|false|true&#8220; global_colors_info=&#8220;{}&#8220;][et_pb_column type=&#8220;4_4&#8243; _builder_version=&#8220;4.16&#8243; _module_preset=&#8220;default&#8220; global_colors_info=&#8220;{}&#8220;][et_pb_slider module_id=&#8220;Partner&#8220; _builder_version=&#8220;4.27.4&#8243; _module_preset=&#8220;default&#8220; header_font_size=&#8220;41px&#8220; body_font_size=&#8220;12px&#8220; background_color=&#8220;RGBA(255,255,255,0)&#8220; button_alignment=&#8220;right&#8220; width=&#8220;100%&#8220; max_width=&#8220;100%&#8220; min_height=&#8220;327px&#8220; height=&#8220;583px&#8220; max_height=&#8220;568px&#8220; custom_margin=&#8220;-8px||||false|false&#8220; custom_padding=&#8220;0px||0px||false|false&#8220; border_width_all=&#8220;4px&#8220; border_color_all=&#8220;#84c177&#8243; border_radii_image=&#8220;off||||&#8220; global_colors_info=&#8220;{}&#8220;][et_pb_slide heading=&#8220;Kaiserslautern, Zweibr\u00fccken &#038; Pirmasens&#8220; button_text=&#8220;Zur Website&#8220; button_link=&#8220;https:\/\/www.gruendungsbuero.info\/seite\/251827149\/bernhard-lorig&#8220; url_new_window=&#8220;on&#8220; image=&#8220;https:\/\/ideenwald-oekosystem.de\/wp-content\/uploads\/2025\/12\/gb-kl-logo2023-kreis2.png&#8220; _builder_version=&#8220;4.27.4&#8243; _module_preset=&#8220;default&#8220; header_level=&#8220;h2&#8243; header_font=&#8220;|700|||||||&#8220; header_font_size=&#8220;30px&#8220; body_font_size=&#8220;15px&#8220; background_color=&#8220;RGBA(255,255,255,0)&#8220; background_enable_color=&#8220;on&#8220; custom_button=&#8220;on&#8220; button_text_size=&#8220;14px&#8220; button_text_color=&#8220;#000000&#8243; button_bg_color=&#8220;#FFD926&#8243; button_bg_use_color_gradient=&#8220;on&#8220; button_bg_color_gradient_direction=&#8220;82deg&#8220; button_bg_color_gradient_stops=&#8220;rgba(0,0,0,0.1) 0%|rgba(0,0,0,0.1) 100%&#8220; button_bg_color_gradient_start=&#8220;rgba(0,0,0,0.1)&#8220; button_bg_color_gradient_end=&#8220;rgba(0,0,0,0.1)&#8220; button_border_width=&#8220;0px&#8220; button_font=&#8220;|700|||||||&#8220; button_icon_color=&#8220;#000000&#8243; background_layout=&#8220;light&#8220; global_colors_info=&#8220;{}&#8220; sticky_transition=&#8220;on&#8220;]<ul>\n<li>Bernhard Lorig<\/li>\n<\/ul>\n<p>Als gemeinsame Einrichtung der Rheinland-Pf\u00e4lzischen Technischen Universit\u00e4t Kaiserslautern-Landau (RPTU) und der Hochschule Kaiserslautern bietet das Gr\u00fcndungsb\u00fcro allen Studierenden, Mitarbeiterinnen und Mitarbeitern, Gr\u00fcnderinnen und Gr\u00fcndern, Alumni und Forschungsinstituten umfassende Unterst\u00fctzung in der Vorgr\u00fcndungsphase.<\/p>\n<p>Dabei wollen wir nicht nur Gr\u00fcndungsinteressierte erreichen: auch au\u00dferhalb der Selbstst\u00e4ndigkeit ist eine realistische Karriereplanung ein erster Schritt in eine erfolgreiche berufliche Zukunft.<\/p>[\/et_pb_slide][et_pb_slide heading=&#8220;Saarbr\u00fccken&#8220; button_text=&#8220;Zur Website&#8220; button_link=&#8220;https:\/\/www.uds-triathlon.de\/start-ups\/&#8220; url_new_window=&#8220;on&#8220; image=&#8220;https:\/\/ideenwald-oekosystem.de\/wp-content\/uploads\/2025\/12\/triathlon-trans.png&#8220; _builder_version=&#8220;4.27.4&#8243; _module_preset=&#8220;default&#8220; header_level=&#8220;h2&#8243; header_font=&#8220;|700|||||||&#8220; header_font_size=&#8220;30px&#8220; body_font_size=&#8220;15px&#8220; background_color=&#8220;RGBA(255,255,255,0)&#8220; background_enable_color=&#8220;on&#8220; custom_button=&#8220;on&#8220; button_text_size=&#8220;14px&#8220; button_text_color=&#8220;#000000&#8243; button_bg_color=&#8220;#FFD926&#8243; button_bg_use_color_gradient=&#8220;on&#8220; button_bg_color_gradient_direction=&#8220;82deg&#8220; button_bg_color_gradient_stops=&#8220;rgba(0,0,0,0.1) 0%|rgba(0,0,0,0.1) 100%&#8220; button_bg_color_gradient_start=&#8220;rgba(0,0,0,0.1)&#8220; button_bg_color_gradient_end=&#8220;rgba(0,0,0,0.1)&#8220; button_border_width=&#8220;0px&#8220; button_font=&#8220;|700|||||||&#8220; button_icon_color=&#8220;#000000&#8243; background_layout=&#8220;light&#8220; link_option_url=&#8220;https:\/\/gruendercampus-saar.de\/&#8220; link_option_url_new_window=&#8220;on&#8220; global_colors_info=&#8220;{}&#8220; sticky_transition=&#8220;on&#8220;]<p>Triathlon ist mehr als ein klassischer Start-up-Hub \u2013 es ist ein dynamisches \u00d6kosystem f\u00fcr<span>\u00a0<\/span><strong>Entrepreneurship, Innovation und Transfer<span>\u00a0<\/span><\/strong>an der Universit\u00e4t des Saarlandes.<\/p>\n<p>Unser interdisziplin\u00e4res Team verbindet<span>\u00a0<\/span><strong>Forschung, Wirtschaft und Gesellschaft<\/strong><span>\u00a0<\/span>und schafft so ein inspirierendes Umfeld f\u00fcr angehende Gr\u00fcnder:innen und Start-ups.<\/p>[\/et_pb_slide][et_pb_slide heading=&#8220;Trier&#8220; button_text=&#8220;Zur Website&#8220; button_link=&#8220;https:\/\/www.gruenden-trier.de\/start&#8220; url_new_window=&#8220;on&#8220; image=&#8220;https:\/\/ideenwald-oekosystem.de\/wp-content\/uploads\/2025\/12\/gbtr.png&#8220; _builder_version=&#8220;4.27.4&#8243; _module_preset=&#8220;default&#8220; header_level=&#8220;h2&#8243; header_font=&#8220;|700|||||||&#8220; header_font_size=&#8220;30px&#8220; body_font_size=&#8220;15px&#8220; background_color=&#8220;RGBA(255,255,255,0)&#8220; background_enable_color=&#8220;on&#8220; custom_button=&#8220;on&#8220; button_text_size=&#8220;14px&#8220; button_text_color=&#8220;#000000&#8243; button_bg_color=&#8220;#FFD926&#8243; button_bg_use_color_gradient=&#8220;on&#8220; button_bg_color_gradient_direction=&#8220;82deg&#8220; button_bg_color_gradient_stops=&#8220;rgba(0,0,0,0.1) 0%|rgba(0,0,0,0.1) 100%&#8220; button_bg_color_gradient_start=&#8220;rgba(0,0,0,0.1)&#8220; button_bg_color_gradient_end=&#8220;rgba(0,0,0,0.1)&#8220; button_border_width=&#8220;0px&#8220; button_font=&#8220;|700|||||||&#8220; button_icon_color=&#8220;#000000&#8243; background_layout=&#8220;light&#8220; link_option_url=&#8220;https:\/\/www.gruenden-trier.de\/start&#8220; link_option_url_new_window=&#8220;on&#8220; global_colors_info=&#8220;{}&#8220; sticky_transition=&#8220;on&#8220;]<p>&nbsp;<\/p>\n<p>Das Gr\u00fcndungsb\u00fcro Trier ist eine gemeinsame Einrichtung der Universit\u00e4t Trier und der Hochschule Trier. Unser Angebot richtet sich an Studierende, Mitarbeiter*innen und Alumni und ist kostenlos. Wir beraten, informieren und begleiten dich auf deinem Weg zur Gr\u00fcndung. Hast du Fragen? Hier kannst du Kontakt zu uns aufnehmen.<\/p>[\/et_pb_slide][et_pb_slide heading=&#8220;Universit\u00e4t Koblenz&#8220; button_text=&#8220;Zur Website&#8220; button_link=&#8220;https:\/\/www.gruendungsbuero-koblenz.de\/&#8220; url_new_window=&#8220;on&#8220; image=&#8220;https:\/\/ideenwald-oekosystem.de\/wp-content\/uploads\/2024\/03\/gb-unikoblenz.png&#8220; _builder_version=&#8220;4.27.4&#8243; _module_preset=&#8220;default&#8220; header_level=&#8220;h2&#8243; header_font=&#8220;|700|||||||&#8220; header_font_size=&#8220;30px&#8220; body_font_size=&#8220;15px&#8220; background_color=&#8220;RGBA(255,255,255,0)&#8220; background_enable_color=&#8220;on&#8220; custom_button=&#8220;on&#8220; button_text_size=&#8220;14px&#8220; button_text_color=&#8220;#000000&#8243; button_bg_color=&#8220;#FFD926&#8243; button_bg_use_color_gradient=&#8220;on&#8220; button_bg_color_gradient_direction=&#8220;82deg&#8220; button_bg_color_gradient_stops=&#8220;rgba(0,0,0,0.1) 0%|rgba(0,0,0,0.1) 100%&#8220; button_bg_color_gradient_start=&#8220;rgba(0,0,0,0.1)&#8220; button_bg_color_gradient_end=&#8220;rgba(0,0,0,0.1)&#8220; button_border_width=&#8220;0px&#8220; button_font=&#8220;|700|||||||&#8220; button_icon_color=&#8220;#000000&#8243; background_layout=&#8220;light&#8220; link_option_url=&#8220;https:\/\/www.gruendungsbuero-koblenz.de\/&#8220; link_option_url_new_window=&#8220;on&#8220; global_colors_info=&#8220;{}&#8220; sticky_transition=&#8220;on&#8220;]<ul>\n<li>Dr. Kornelia van der Beek<\/li>\n<\/ul>\n<p>Als Spezialist*innen f\u00fcr Wissens- und Technologietransfer motivieren, unterst\u00fctzen und begleiten wir Studierende, Professor*innen, Mitarbeitende und Alumni mit innovativen Ideen zur Gr\u00fcndung eines Unternehmens. Dazu bieten wir Informationen, Qualifizierung und individuelle Beratung. Au\u00dferdem erm\u00f6glichen wir durch unser umfangreiches Netzwerk wertvolle Kontakte zu regionalen, nationalen und internationalen Kooperationspartner*innen.<\/p>[\/et_pb_slide][et_pb_slide heading=&#8220;Worms &#038; Ludwigshafen&#8220; button_text=&#8220;Zur Website&#8220; button_link=&#8220;https:\/\/www.rheinegruendersache.de\/&#8220; url_new_window=&#8220;on&#8220; image=&#8220;https:\/\/ideenwald-oekosystem.de\/wp-content\/uploads\/2022\/11\/rg-logo-print-pos-rgb-s.png&#8220; _builder_version=&#8220;4.27.4&#8243; _module_preset=&#8220;default&#8220; header_level=&#8220;h2&#8243; header_font=&#8220;|700|||||||&#8220; header_font_size=&#8220;30px&#8220; body_font_size=&#8220;15px&#8220; background_color=&#8220;RGBA(255,255,255,0)&#8220; background_enable_color=&#8220;on&#8220; custom_button=&#8220;on&#8220; button_text_size=&#8220;14px&#8220; button_text_color=&#8220;#000000&#8243; button_bg_color=&#8220;#FFD926&#8243; button_bg_use_color_gradient=&#8220;on&#8220; button_bg_color_gradient_direction=&#8220;82deg&#8220; button_bg_color_gradient_stops=&#8220;rgba(0,0,0,0.1) 0%|rgba(0,0,0,0.1) 100%&#8220; button_bg_color_gradient_start=&#8220;rgba(0,0,0,0.1)&#8220; button_bg_color_gradient_end=&#8220;rgba(0,0,0,0.1)&#8220; button_border_width=&#8220;0px&#8220; button_font=&#8220;|700|||||||&#8220; button_icon_color=&#8220;#000000&#8243; background_layout=&#8220;light&#8220; link_option_url=&#8220;https:\/\/www.rheinegruendersache.de\/&#8220; link_option_url_new_window=&#8220;on&#8220; global_colors_info=&#8220;{}&#8220; sticky_transition=&#8220;on&#8220;]<ul>\n<li>Marcel Mayer &#8211; Hochschule Worms<\/li>\n<\/ul>\n<p><span>Wir wollen studentische Unternehmensgr\u00fcndungen an den Hochschulen erh\u00f6hen und Gr\u00fcndung als echte Alternative zur Anstellung pr\u00e4sent machen. Mit diesem zentralen Ziel ist es unsere Mission, Studierende f\u00fcr Gr\u00fcndung und Unternehmertum zu aktivieren, interessieren, motivieren, auszubilden und sie dabei eng zu begleiten. Durch unsere T\u00e4tigkeit soll ein lebendiges Gr\u00fcndungs\u00f6kosystem entstehen, das den gesamten Kreislauf unternehmerischer Phasen begleitet.<\/span><\/p>[\/et_pb_slide][et_pb_slide heading=&#8220;Mainz&#8220; button_text=&#8220;Zur Website&#8220; button_link=&#8220;http:\/\/gruendungsbuero-mainz.de\/&#8220; url_new_window=&#8220;on&#8220; image=&#8220;https:\/\/ideenwald-oekosystem.de\/wp-content\/uploads\/2021\/11\/mainz.png&#8220; _builder_version=&#8220;4.27.4&#8243; _module_preset=&#8220;default&#8220; header_level=&#8220;h2&#8243; header_font=&#8220;|700|||||||&#8220; header_font_size=&#8220;30px&#8220; body_font_size=&#8220;15px&#8220; background_color=&#8220;RGBA(255,255,255,0)&#8220; background_enable_color=&#8220;on&#8220; custom_button=&#8220;on&#8220; button_text_size=&#8220;14px&#8220; button_text_color=&#8220;#000000&#8243; button_bg_color=&#8220;#FFD926&#8243; button_bg_use_color_gradient=&#8220;on&#8220; button_bg_color_gradient_direction=&#8220;82deg&#8220; button_bg_color_gradient_stops=&#8220;rgba(0,0,0,0.1) 0%|rgba(0,0,0,0.1) 100%&#8220; button_bg_color_gradient_start=&#8220;rgba(0,0,0,0.1)&#8220; button_bg_color_gradient_end=&#8220;rgba(0,0,0,0.1)&#8220; button_border_width=&#8220;0px&#8220; button_font=&#8220;|700|||||||&#8220; button_icon_color=&#8220;#000000&#8243; background_layout=&#8220;light&#8220; link_option_url=&#8220;http:\/\/gruendungsbuero-mainz.de\/&#8220; link_option_url_new_window=&#8220;on&#8220; global_colors_info=&#8220;{}&#8220; sticky_transition=&#8220;on&#8220;]<p>Das Gr\u00fcndungsb\u00fcro Mainz ist eine gemeinsame Kooperation der Hochschule Mainz, der Johannes Gutenberg Universit\u00e4t und der Universit\u00e4tsmedizin Mainz. Das Gr\u00fcndungsb\u00fcro Mainz hat das Ziel, gr\u00fcndungsaffine Potenziale aus der Wissenschaft und der Forschung weiterzuentwickeln und das akademische Gr\u00fcndungsgeschehen zu unterst\u00fctzen. Durch die aktive Zusammenarbeit der drei Hochschulstandorte kann auf ein gro\u00dfes Gr\u00fcndungsnetzwerk sowie vorhandene Expertise zur\u00fcckgegriffen werden. Das Gr\u00fcndungsb\u00fcro Mainz versteht sich als Netzwerkknoten und stellt Kontakte zu (externen) Kooperationspartner*innen her und unterst\u00fctzt bei der Findung geeigneter Matchingpartner*innen.<\/p>\n<p style=\"text-align: justify;\">[\/et_pb_slide][\/et_pb_slider][\/et_pb_column][\/et_pb_row][et_pb_row _builder_version=&#8220;4.16&#8243; _module_preset=&#8220;default&#8220; min_height=&#8220;85.8px&#8220; custom_padding=&#8220;10px||8px|||&#8220; global_colors_info=&#8220;{}&#8220;][et_pb_column type=&#8220;4_4&#8243; _builder_version=&#8220;4.16&#8243; _module_preset=&#8220;default&#8220; global_colors_info=&#8220;{}&#8220;][et_pb_divider color=&#8220;#7dd855&#8243; _builder_version=&#8220;4.16&#8243; _module_preset=&#8220;default&#8220; custom_margin=&#8220;27px||6px|||&#8220; global_colors_info=&#8220;{}&#8220; min_height=&#8220;18.8px&#8220;][\/et_pb_divider][et_pb_code _builder_version=&#8220;4.27.4&#8243; _module_preset=&#8220;default&#8220; hover_enabled=&#8220;0&#8243; sticky_enabled=&#8220;0&#8243;][\/et_pb_code][\/et_pb_column][\/et_pb_row][\/et_pb_section][et_pb_section fb_built=&#8220;1&#8243; admin_label=&#8220;Subscribe&#8220; _builder_version=&#8220;4.27.4&#8243; background_color=&#8220;#7dd855&#8243; use_background_color_gradient=&#8220;on&#8220; background_color_gradient_direction=&#8220;306deg&#8220; background_color_gradient_stops=&#8220;rgba(0,0,0,0) 0%|rgba(0,0,0,0.53) 100%&#8220; background_color_gradient_start=&#8220;rgba(0,0,0,0)&#8220; background_color_gradient_end=&#8220;rgba(0,0,0,0.53)&#8220; background_image=&#8220;https:\/\/ideenwald-oekosystem.de\/wp-content\/uploads\/2021\/01\/maps-wt.png&#8220; custom_margin=&#8220;|||&#8220; custom_padding=&#8220;49px||49px||true|&#8220; saved_tabs=&#8220;all&#8220; global_colors_info=&#8220;{}&#8220;][et_pb_row _builder_version=&#8220;4.16&#8243; _module_preset=&#8220;default&#8220; background_color=&#8220;rgba(255,255,255,0.75)&#8220; width_tablet=&#8220;&#8220; width_phone=&#8220;100%&#8220; width_last_edited=&#8220;on|phone&#8220; custom_padding=&#8220;|10px||10px|false|true&#8220; global_colors_info=&#8220;{}&#8220;][et_pb_column type=&#8220;4_4&#8243; _builder_version=&#8220;4.16&#8243; _module_preset=&#8220;default&#8220; global_colors_info=&#8220;{}&#8220;][et_pb_text _builder_version=&#8220;4.16&#8243; _module_preset=&#8220;default&#8220; text_font=&#8220;|800|||||||&#8220; text_font_size=&#8220;24px&#8220; global_colors_info=&#8220;{}&#8220;]<p style=\"text-align: center\">Social Businesses aus der Community<\/p>[\/et_pb_text][\/et_pb_column][\/et_pb_row][et_pb_row column_structure=&#8220;1_4,1_4,1_4,1_4&#8243; module_id=&#8220;Community&#8220; _builder_version=&#8220;4.27.4&#8243; _module_preset=&#8220;default&#8220; background_color=&#8220;rgba(255,255,255,0.75)&#8220; width_tablet=&#8220;&#8220; width_phone=&#8220;100%&#8220; width_last_edited=&#8220;on|phone&#8220; custom_padding=&#8220;|10px||10px|false|true&#8220; global_colors_info=&#8220;{}&#8220;][et_pb_column type=&#8220;1_4&#8243; _builder_version=&#8220;4.16&#8243; _module_preset=&#8220;default&#8220; global_colors_info=&#8220;{}&#8220;][et_pb_image src=&#8220;https:\/\/ideenwald-oekosystem.de\/wp-content\/uploads\/2026\/01\/incalor.jpg&#8220; alt=&#8220;Logo Foldio&#8220; title_text=&#8220;incalor&#8220; url=&#8220;https:\/\/incalor.com\/&#8220; url_new_window=&#8220;on&#8220; _builder_version=&#8220;4.27.4&#8243; _module_preset=&#8220;default&#8220; global_colors_info=&#8220;{}&#8220;][\/et_pb_image][et_pb_image src=&#8220;https:\/\/ideenwald-oekosystem.de\/wp-content\/uploads\/2025\/12\/pontempro.png&#8220; alt=&#8220;Taptree&#8220; title_text=&#8220;pontempro&#8220; url=&#8220;https:\/\/pontempro.de\/&#8220; url_new_window=&#8220;on&#8220; _builder_version=&#8220;4.27.4&#8243; _module_preset=&#8220;default&#8220; global_colors_info=&#8220;{}&#8220;][\/et_pb_image][et_pb_image src=&#8220;https:\/\/ideenwald-oekosystem.de\/wp-content\/uploads\/2022\/01\/kjh-akut.png&#8220; alt=&#8220;kjh-akut&#8220; title_text=&#8220;kjh-akut&#8220; url=&#8220;https:\/\/www.kjh-akut.de\/&#8220; url_new_window=&#8220;on&#8220; _builder_version=&#8220;4.16&#8243; _module_preset=&#8220;default&#8220; global_colors_info=&#8220;{}&#8220;][\/et_pb_image][\/et_pb_column][et_pb_column type=&#8220;1_4&#8243; _builder_version=&#8220;4.27.4&#8243; _module_preset=&#8220;default&#8220; global_colors_info=&#8220;{}&#8220;][et_pb_image src=&#8220;https:\/\/ideenwald-oekosystem.de\/wp-content\/uploads\/2022\/01\/reflecta.png&#8220; alt=&#8220;reflecta&#8220; title_text=&#8220;reflecta&#8220; url=&#8220;https:\/\/www.reflecta.network\/&#8220; url_new_window=&#8220;on&#8220; _builder_version=&#8220;4.16&#8243; _module_preset=&#8220;default&#8220; global_colors_info=&#8220;{}&#8220;][\/et_pb_image][et_pb_image src=&#8220;https:\/\/ideenwald-oekosystem.de\/wp-content\/uploads\/2025\/12\/nest9.png&#8220; alt=&#8220;Logo Nestw\u00e4rme&#8220; title_text=&#8220;nest9&#8243; url=&#8220;https:\/\/nestwaerme.corporatefashion.de\/&#8220; url_new_window=&#8220;on&#8220; _builder_version=&#8220;4.27.4&#8243; _module_preset=&#8220;default&#8220; global_colors_info=&#8220;{}&#8220;][\/et_pb_image][et_pb_image src=&#8220;https:\/\/ideenwald-oekosystem.de\/wp-content\/uploads\/2022\/01\/taptree.png&#8220; alt=&#8220;Taptree&#8220; title_text=&#8220;Taptree&#8220; url=&#8220;https:\/\/www.taptree.org\/&#8220; url_new_window=&#8220;on&#8220; _builder_version=&#8220;4.16&#8243; _module_preset=&#8220;default&#8220; global_colors_info=&#8220;{}&#8220;][\/et_pb_image][\/et_pb_column][et_pb_column type=&#8220;1_4&#8243; _builder_version=&#8220;4.27.4&#8243; _module_preset=&#8220;default&#8220; global_colors_info=&#8220;{}&#8220;][et_pb_image src=&#8220;https:\/\/ideenwald-oekosystem.de\/wp-content\/uploads\/2025\/12\/cosmo9.jpg&#8220; alt=&#8220;sensAbility&#8220; title_text=&#8220;cosmo9&#8243; url=&#8220;https:\/\/www.cafecosmo.org\/&#8220; url_new_window=&#8220;on&#8220; _builder_version=&#8220;4.27.4&#8243; _module_preset=&#8220;default&#8220; global_colors_info=&#8220;{}&#8220;][\/et_pb_image][et_pb_image src=&#8220;https:\/\/ideenwald-oekosystem.de\/wp-content\/uploads\/2022\/01\/bluefuture.png&#8220; alt=&#8220;Logo Blue Future&#8220; title_text=&#8220;BlueFuture&#8220; url=&#8220;https:\/\/bluefutureproject.com\/&#8220; url_new_window=&#8220;on&#8220; _builder_version=&#8220;4.16&#8243; _module_preset=&#8220;default&#8220; global_colors_info=&#8220;{}&#8220;][\/et_pb_image][et_pb_image src=&#8220;https:\/\/ideenwald-oekosystem.de\/wp-content\/uploads\/2022\/01\/heartwire.png&#8220; alt=&#8220;Logo Heartwire&#8220; title_text=&#8220;Heartwire&#8220; url=&#8220;https:\/\/www.heartwire.org\/&#8220; url_new_window=&#8220;on&#8220; _builder_version=&#8220;4.16&#8243; _module_preset=&#8220;default&#8220; global_colors_info=&#8220;{}&#8220;][\/et_pb_image][\/et_pb_column][et_pb_column type=&#8220;1_4&#8243; _builder_version=&#8220;4.27.4&#8243; _module_preset=&#8220;default&#8220; global_colors_info=&#8220;{}&#8220;][et_pb_image src=&#8220;https:\/\/ideenwald-oekosystem.de\/wp-content\/uploads\/2025\/12\/audiopedi9.png&#8220; alt=&#8220;sensAbility&#8220; title_text=&#8220;Audiopedi9&#8243; url=&#8220;https:\/\/www.audiopedia-foundation.de\/&#8220; url_new_window=&#8220;on&#8220; _builder_version=&#8220;4.27.4&#8243; _module_preset=&#8220;default&#8220; global_colors_info=&#8220;{}&#8220;][\/et_pb_image][et_pb_image src=&#8220;https:\/\/ideenwald-oekosystem.de\/wp-content\/uploads\/2025\/12\/plastik9.png&#8220; alt=&#8220;Logo Heartwire&#8220; title_text=&#8220;plastik9&#8243; url=&#8220;https:\/\/dieplastikfabrik.com\/&#8220; url_new_window=&#8220;on&#8220; _builder_version=&#8220;4.27.4&#8243; _module_preset=&#8220;default&#8220; global_colors_info=&#8220;{}&#8220;][\/et_pb_image][et_pb_image src=&#8220;https:\/\/ideenwald-oekosystem.de\/wp-content\/uploads\/2022\/01\/sensability2.png&#8220; alt=&#8220;sensAbility&#8220; title_text=&#8220;sensAbility2&#8243; url=&#8220;https:\/\/www.sensability.de\/&#8220; url_new_window=&#8220;on&#8220; _builder_version=&#8220;4.16&#8243; _module_preset=&#8220;default&#8220; global_colors_info=&#8220;{}&#8220;][\/et_pb_image][\/et_pb_column][\/et_pb_row][\/et_pb_section][et_pb_section fb_built=&#8220;1&#8243; disabled_on=&#8220;on|on|on&#8220; _builder_version=&#8220;4.16&#8243; _module_preset=&#8220;default&#8220; background_color=&#8220;#FFFFFF&#8220; width_tablet=&#8220;&#8220; width_phone=&#8220;80%&#8220; width_last_edited=&#8220;on|phone&#8220; custom_padding=&#8220;72px|||||&#8220; module_alignment_tablet=&#8220;&#8220; module_alignment_phone=&#8220;center&#8220; module_alignment_last_edited=&#8220;on|phone&#8220; disabled=&#8220;on&#8220; saved_tabs=&#8220;all&#8220; global_colors_info=&#8220;{}&#8220;][et_pb_row column_structure=&#8220;1_4,1_4,1_4,1_4&#8243; _builder_version=&#8220;4.16&#8243; background_enable_color=&#8220;off&#8220; width_tablet=&#8220;95%&#8220; width_phone=&#8220;100%&#8220; width_last_edited=&#8220;on|desktop&#8220; custom_padding=&#8220;|10px|||false|false&#8220; global_colors_info=&#8220;{}&#8220;][et_pb_column type=&#8220;1_4&#8243; _builder_version=&#8220;4.16&#8243; global_colors_info=&#8220;{}&#8220;][et_pb_text _builder_version=&#8220;4.16&#8243; _module_preset=&#8220;default&#8220; global_colors_info=&#8220;{}&#8220;]<h3>Gef\u00f6rdert durch&#8230;<\/h3>[\/et_pb_text][\/et_pb_column][et_pb_column type=&#8220;1_4&#8243; _builder_version=&#8220;4.16&#8243; global_colors_info=&#8220;{}&#8220;][\/et_pb_column][et_pb_column type=&#8220;1_4&#8243; _builder_version=&#8220;4.16&#8243; global_colors_info=&#8220;{}&#8220;][\/et_pb_column][et_pb_column type=&#8220;1_4&#8243; _builder_version=&#8220;4.16&#8243; global_colors_info=&#8220;{}&#8220;][\/et_pb_column][\/et_pb_row][et_pb_row column_structure=&#8220;1_4,1_4,1_4,1_4&#8243; _builder_version=&#8220;4.16&#8243; background_color=&#8220;#FFFFFF&#8220; width_tablet=&#8220;95%&#8220; width_phone=&#8220;100%&#8220; width_last_edited=&#8220;on|phone&#8220; global_colors_info=&#8220;{}&#8220;][et_pb_column type=&#8220;1_4&#8243; _builder_version=&#8220;4.16&#8243; global_colors_info=&#8220;{}&#8220;][\/et_pb_column][et_pb_column type=&#8220;1_4&#8243; _builder_version=&#8220;4.16&#8243; global_colors_info=&#8220;{}&#8220;][et_pb_image src=&#8220;https:\/\/ideenwald-oekosystem.de\/wp-content\/uploads\/2021\/04\/exist-tr.png&#8220; title_text=&#8220;exist_tr&#8220; url=&#8220;https:\/\/www.exist.de\/DE\/Home\/inhalt.html&#8220; url_new_window=&#8220;on&#8220; align=&#8220;center&#8220; _builder_version=&#8220;4.16&#8243; background_enable_color=&#8220;off&#8220; max_width=&#8220;67%&#8220; custom_padding=&#8220;30px||||false|false&#8220; global_colors_info=&#8220;{}&#8220;][\/et_pb_image][\/et_pb_column][et_pb_column type=&#8220;1_4&#8243; _builder_version=&#8220;4.16&#8243; global_colors_info=&#8220;{}&#8220;][et_pb_image src=&#8220;https:\/\/ideenwald-oekosystem.de\/wp-content\/uploads\/2021\/04\/exist-zusatz-tr.png&#8220; title_text=&#8220;exist_zusatz_tr&#8220; url=&#8220;https:\/\/www.bmwi.de\/Navigation\/DE\/Home\/home.html&#8220; url_new_window=&#8220;on&#8220; align=&#8220;center&#8220; _builder_version=&#8220;4.16&#8243; global_colors_info=&#8220;{}&#8220;][\/et_pb_image][\/et_pb_column][et_pb_column type=&#8220;1_4&#8243; _builder_version=&#8220;4.16&#8243; global_colors_info=&#8220;{}&#8220;][\/et_pb_column][\/et_pb_row][\/et_pb_section]\n","protected":false},"excerpt":{"rendered":"<p>Die Better World Community ist ein lebendiges Netzwerk in Rheinland-Pfalz und dem Saarland, das Menschen zusammenbringt, die Wirtschaft neu denken wollen. Wir informieren \u00fcber die Chancen des gemeinwohlorientierten Unternehmertums (Social [&hellip;]<\/p>\n","protected":false},"author":3,"featured_media":257533,"parent":0,"menu_order":0,"comment_status":"closed","ping_status":"closed","template":"","meta":{"_et_pb_use_builder":"on","_et_pb_old_content":"","_et_gb_content_width":"","footnotes":""},"class_list":["post-261299","page","type-page","status-publish","has-post-thumbnail","hentry"],"yoast_head":"<!-- This site is optimized with the Yoast SEO plugin v27.5 - https:\/\/yoast.com\/product\/yoast-seo-wordpress\/ -->\n<title>Better World Community reload - IDEENWALD<\/title>\n<meta name=\"description\" content=\"Die Better World Community dient als informelles Netzwerk, um z.B. f\u00fcr die Chancen des sozialen Unternehmertums zu sensibilisieren.\" \/>\n<meta name=\"robots\" content=\"index, follow, max-snippet:-1, max-image-preview:large, max-video-preview:-1\" \/>\n<link rel=\"canonical\" href=\"https:\/\/ideenwald-oekosystem.de\/en\/better-world-community1\/\" \/>\n<meta property=\"og:locale\" content=\"en_US\" \/>\n<meta property=\"og:type\" content=\"article\" \/>\n<meta property=\"og:title\" content=\"Better World Community\" \/>\n<meta property=\"og:description\" content=\"Die Better World Community dient als informelles Netzwerk, um z.B. f\u00fcr die Chancen des sozialen Unternehmertums zu sensibilisieren.\" \/>\n<meta property=\"og:url\" content=\"https:\/\/ideenwald-oekosystem.de\/en\/better-world-community1\/\" \/>\n<meta property=\"og:site_name\" content=\"IDEENWALD\" \/>\n<meta property=\"article:modified_time\" content=\"2026-04-01T16:48:46+00:00\" \/>\n<meta property=\"og:image\" content=\"https:\/\/ideenwald-oekosystem.de\/wp-content\/uploads\/2023\/03\/900-x-600.png\" \/>\n\t<meta property=\"og:image:width\" content=\"900\" \/>\n\t<meta property=\"og:image:height\" content=\"600\" \/>\n\t<meta property=\"og:image:type\" content=\"image\/png\" \/>\n<meta name=\"twitter:card\" content=\"summary_large_image\" \/>\n<meta name=\"twitter:title\" content=\"Better World Community\" \/>\n<meta name=\"twitter:description\" content=\"Die Better World Community dient als informelles Netzwerk, um z.B. f\u00fcr die Chancen des sozialen Unternehmertums zu sensibilisieren.\" \/>\n<meta name=\"twitter:image\" content=\"https:\/\/ideenwald-oekosystem.de\/wp-content\/uploads\/2023\/03\/900-x-600.png\" \/>\n<meta name=\"twitter:label1\" content=\"Est. reading time\" \/>\n\t<meta name=\"twitter:data1\" content=\"11 minutes\" \/>\n<script type=\"application\/ld+json\" class=\"yoast-schema-graph\">{\"@context\":\"https:\\\/\\\/schema.org\",\"@graph\":[{\"@type\":\"WebPage\",\"@id\":\"https:\\\/\\\/ideenwald-oekosystem.de\\\/better-world-community1\\\/\",\"url\":\"https:\\\/\\\/ideenwald-oekosystem.de\\\/better-world-community1\\\/\",\"name\":\"Better World Community reload - IDEENWALD\",\"isPartOf\":{\"@id\":\"https:\\\/\\\/ideenwald-oekosystem.de\\\/#website\"},\"primaryImageOfPage\":{\"@id\":\"https:\\\/\\\/ideenwald-oekosystem.de\\\/better-world-community1\\\/#primaryimage\"},\"image\":{\"@id\":\"https:\\\/\\\/ideenwald-oekosystem.de\\\/better-world-community1\\\/#primaryimage\"},\"thumbnailUrl\":\"https:\\\/\\\/ideenwald-oekosystem.de\\\/wp-content\\\/uploads\\\/2023\\\/03\\\/900-x-600.png\",\"datePublished\":\"2025-11-24T10:50:12+00:00\",\"dateModified\":\"2026-04-01T16:48:46+00:00\",\"description\":\"Die Better World Community dient als informelles Netzwerk, um z.B. f\u00fcr die Chancen des sozialen Unternehmertums zu sensibilisieren.\",\"breadcrumb\":{\"@id\":\"https:\\\/\\\/ideenwald-oekosystem.de\\\/better-world-community1\\\/#breadcrumb\"},\"inLanguage\":\"en-US\",\"potentialAction\":[{\"@type\":\"ReadAction\",\"target\":[\"https:\\\/\\\/ideenwald-oekosystem.de\\\/better-world-community1\\\/\"]}]},{\"@type\":\"ImageObject\",\"inLanguage\":\"en-US\",\"@id\":\"https:\\\/\\\/ideenwald-oekosystem.de\\\/better-world-community1\\\/#primaryimage\",\"url\":\"https:\\\/\\\/ideenwald-oekosystem.de\\\/wp-content\\\/uploads\\\/2023\\\/03\\\/900-x-600.png\",\"contentUrl\":\"https:\\\/\\\/ideenwald-oekosystem.de\\\/wp-content\\\/uploads\\\/2023\\\/03\\\/900-x-600.png\",\"width\":900,\"height\":600,\"caption\":\"Better World Community\"},{\"@type\":\"BreadcrumbList\",\"@id\":\"https:\\\/\\\/ideenwald-oekosystem.de\\\/better-world-community1\\\/#breadcrumb\",\"itemListElement\":[{\"@type\":\"ListItem\",\"position\":1,\"name\":\"Startseite\",\"item\":\"https:\\\/\\\/ideenwald-oekosystem.de\\\/\"},{\"@type\":\"ListItem\",\"position\":2,\"name\":\"Better World Community reload\"}]},{\"@type\":\"WebSite\",\"@id\":\"https:\\\/\\\/ideenwald-oekosystem.de\\\/#website\",\"url\":\"https:\\\/\\\/ideenwald-oekosystem.de\\\/\",\"name\":\"IDEENWALD\",\"description\":\"Eine Welt f\u00fcr Gr\u00fcnder*innen, Zukunftsgestalter*innen und kreative K\u00f6pfe\",\"potentialAction\":[{\"@type\":\"SearchAction\",\"target\":{\"@type\":\"EntryPoint\",\"urlTemplate\":\"https:\\\/\\\/ideenwald-oekosystem.de\\\/?s={search_term_string}\"},\"query-input\":{\"@type\":\"PropertyValueSpecification\",\"valueRequired\":true,\"valueName\":\"search_term_string\"}}],\"inLanguage\":\"en-US\"}]}<\/script>\n<!-- \/ Yoast SEO plugin. -->","yoast_head_json":{"title":"Better World Community reload - IDEENWALD","description":"Die Better World Community dient als informelles Netzwerk, um z.B. f\u00fcr die Chancen des sozialen Unternehmertums zu sensibilisieren.","robots":{"index":"index","follow":"follow","max-snippet":"max-snippet:-1","max-image-preview":"max-image-preview:large","max-video-preview":"max-video-preview:-1"},"canonical":"https:\/\/ideenwald-oekosystem.de\/en\/better-world-community1\/","og_locale":"en_US","og_type":"article","og_title":"Better World Community","og_description":"Die Better World Community dient als informelles Netzwerk, um z.B. f\u00fcr die Chancen des sozialen Unternehmertums zu sensibilisieren.","og_url":"https:\/\/ideenwald-oekosystem.de\/en\/better-world-community1\/","og_site_name":"IDEENWALD","article_modified_time":"2026-04-01T16:48:46+00:00","og_image":[{"width":900,"height":600,"url":"https:\/\/ideenwald-oekosystem.de\/wp-content\/uploads\/2023\/03\/900-x-600.png","type":"image\/png"}],"twitter_card":"summary_large_image","twitter_title":"Better World Community","twitter_description":"Die Better World Community dient als informelles Netzwerk, um z.B. f\u00fcr die Chancen des sozialen Unternehmertums zu sensibilisieren.","twitter_image":"https:\/\/ideenwald-oekosystem.de\/wp-content\/uploads\/2023\/03\/900-x-600.png","twitter_misc":{"Est. reading time":"11 minutes"},"schema":{"@context":"https:\/\/schema.org","@graph":[{"@type":"WebPage","@id":"https:\/\/ideenwald-oekosystem.de\/better-world-community1\/","url":"https:\/\/ideenwald-oekosystem.de\/better-world-community1\/","name":"Better World Community reload - IDEENWALD","isPartOf":{"@id":"https:\/\/ideenwald-oekosystem.de\/#website"},"primaryImageOfPage":{"@id":"https:\/\/ideenwald-oekosystem.de\/better-world-community1\/#primaryimage"},"image":{"@id":"https:\/\/ideenwald-oekosystem.de\/better-world-community1\/#primaryimage"},"thumbnailUrl":"https:\/\/ideenwald-oekosystem.de\/wp-content\/uploads\/2023\/03\/900-x-600.png","datePublished":"2025-11-24T10:50:12+00:00","dateModified":"2026-04-01T16:48:46+00:00","description":"Die Better World Community dient als informelles Netzwerk, um z.B. f\u00fcr die Chancen des sozialen Unternehmertums zu sensibilisieren.","breadcrumb":{"@id":"https:\/\/ideenwald-oekosystem.de\/better-world-community1\/#breadcrumb"},"inLanguage":"en-US","potentialAction":[{"@type":"ReadAction","target":["https:\/\/ideenwald-oekosystem.de\/better-world-community1\/"]}]},{"@type":"ImageObject","inLanguage":"en-US","@id":"https:\/\/ideenwald-oekosystem.de\/better-world-community1\/#primaryimage","url":"https:\/\/ideenwald-oekosystem.de\/wp-content\/uploads\/2023\/03\/900-x-600.png","contentUrl":"https:\/\/ideenwald-oekosystem.de\/wp-content\/uploads\/2023\/03\/900-x-600.png","width":900,"height":600,"caption":"Better World Community"},{"@type":"BreadcrumbList","@id":"https:\/\/ideenwald-oekosystem.de\/better-world-community1\/#breadcrumb","itemListElement":[{"@type":"ListItem","position":1,"name":"Startseite","item":"https:\/\/ideenwald-oekosystem.de\/"},{"@type":"ListItem","position":2,"name":"Better World Community reload"}]},{"@type":"WebSite","@id":"https:\/\/ideenwald-oekosystem.de\/#website","url":"https:\/\/ideenwald-oekosystem.de\/","name":"IDEENWALD","description":"Eine Welt f\u00fcr Gr\u00fcnder*innen, Zukunftsgestalter*innen und kreative K\u00f6pfe","potentialAction":[{"@type":"SearchAction","target":{"@type":"EntryPoint","urlTemplate":"https:\/\/ideenwald-oekosystem.de\/?s={search_term_string}"},"query-input":{"@type":"PropertyValueSpecification","valueRequired":true,"valueName":"search_term_string"}}],"inLanguage":"en-US"}]}},"_links":{"self":[{"href":"https:\/\/ideenwald-oekosystem.de\/en\/wp-json\/wp\/v2\/pages\/261299","targetHints":{"allow":["GET"]}}],"collection":[{"href":"https:\/\/ideenwald-oekosystem.de\/en\/wp-json\/wp\/v2\/pages"}],"about":[{"href":"https:\/\/ideenwald-oekosystem.de\/en\/wp-json\/wp\/v2\/types\/page"}],"author":[{"embeddable":true,"href":"https:\/\/ideenwald-oekosystem.de\/en\/wp-json\/wp\/v2\/users\/3"}],"replies":[{"embeddable":true,"href":"https:\/\/ideenwald-oekosystem.de\/en\/wp-json\/wp\/v2\/comments?post=261299"}],"version-history":[{"count":31,"href":"https:\/\/ideenwald-oekosystem.de\/en\/wp-json\/wp\/v2\/pages\/261299\/revisions"}],"predecessor-version":[{"id":261547,"href":"https:\/\/ideenwald-oekosystem.de\/en\/wp-json\/wp\/v2\/pages\/261299\/revisions\/261547"}],"wp:featuredmedia":[{"embeddable":true,"href":"https:\/\/ideenwald-oekosystem.de\/en\/wp-json\/wp\/v2\/media\/257533"}],"wp:attachment":[{"href":"https:\/\/ideenwald-oekosystem.de\/en\/wp-json\/wp\/v2\/media?parent=261299"}],"curies":[{"name":"wp","href":"https:\/\/api.w.org\/{rel}","templated":true}]}}